{"id":6,"date":"2023-06-21T14:36:21","date_gmt":"2023-06-21T14:36:21","guid":{"rendered":"https:\/\/diariodalagoa.pt\/?page_id=6"},"modified":"2026-03-14T12:01:46","modified_gmt":"2026-03-14T12:01:46","slug":"home","status":"publish","type":"page","link":"https:\/\/diariodalagoa.pt\/fr\/","title":{"rendered":"Home"},"content":{"rendered":"<div class=\"vc_row wpb_row vc_row-fluid\"><div class=\"wpb_column vc_column_container vc_col-sm-8\"><div class=\"vc_column-inner\"><div class=\"wpb_wrapper\"><div class=\"listnews largebox\"><div class=\"conteudonew postid-163526\">\n\t\t\t\t<a href=\"https:\/\/diariodalagoa.pt\/fr\/presidente-da-camara-do-corvo-enxerga-imigracao-regulada-e-humanista-como-pilar-do-futuro-das-ilhas\/\" target=\"_self\"><div class=\"imgnews\" style=\"background-image: url(https:\/\/diariodalagoa.pt\/wp-content\/uploads\/2026\/04\/marco-silva-presidente-da-camara-do-corvo-2026-dl.jpg);\"><\/div><\/a>\n\t\t\t\t<p class=\"tidestaq\"><a href=\"https:\/\/diariodalagoa.pt\/fr\/category\/reportagem\/\" target=\"_self\">Reportage<\/a><a class=\"maisartigos\" href=\"https:\/\/diariodalagoa.pt\/fr\/category\/reportagem\/\" target=\"_self\">+Artigos <i class=\"fas fa-list\"><\/i><\/a><\/p>\n\t\t\t\t<h2 class=\"titlenew\"><a href=\"https:\/\/diariodalagoa.pt\/fr\/presidente-da-camara-do-corvo-enxerga-imigracao-regulada-e-humanista-como-pilar-do-futuro-das-ilhas\/\" target=\"_self\">Presidente da C\u00e2mara do Corvo enxerga imigra\u00e7\u00e3o \u201cregulada e humanista\u201d como pilar do futuro das ilhas<\/a><\/h2>\n\t\t\t\t<p class=\"excerpt\"><a href=\"https:\/\/diariodalagoa.pt\/fr\/presidente-da-camara-do-corvo-enxerga-imigracao-regulada-e-humanista-como-pilar-do-futuro-das-ilhas\/\" target=\"_self\">Marco Silva defendeu que o futuro dos A\u00e7ores passa por uma pol\u00edtica de imigra\u00e7\u00e3o \u201cregulada e humanista\u201d, capaz de responder ao envelhecimento populacional, \u00e0 falta de m\u00e3o de obra e aos constrangimentos estruturais das regi\u00f5es ultraperif\u00e9ricas.<\/a><\/p>\n\t\t\t\t<div class=\"autor\" style=\"display: flex; flex-direction: column; align-items: start; gap: 0.8rem;\"><div style=\"display: flex;flex-direction: row; gap: 1.1rem;\">\n\t\t\t<span style=\"display: flex; flex-direction: column; align-self: center; margin: 0 auto; text-align: center;\"><img src=\"https:\/\/diariodalagoa.pt\/wp-content\/uploads\/2023\/07\/igor-lopes-retrato-150x150.jpg\" alt=\"avatar-custom\" class=\"avatar avatar-96 photo\" height=\"96\" width=\"96\" loading=\"lazy\" decoding=\"async\" style=\"margin: 0 auto;\" \/><\/span>\n\t\t\t<p class=\"nameautor post-autor-link\" style=\"display: flex; flex-direction: column; justify-content: center;\"><span style=\"display: flex; flex-direction: column; justify-content: center; align-content: center;\"><a href=\"https:\/\/diariodalagoa.pt\/fr\/autor\/igor-lopes\/\" target=\"_self\" class=\"post-autor-link\" style=\"text-decoration: none!important; color: unset!important;\">\u00cdgor Lopes<\/a><\/span><span style=\"text-decoration: none!important; color: unset!important; font-weight: normal!important;\">Jornalista<\/span><\/p>\n\t\t\t<\/div><\/div>\n\t\t\t<\/div><\/div><\/div><\/div><\/div><div class=\"wpb_column vc_column_container vc_col-sm-4\"><div class=\"vc_column-inner\"><div class=\"wpb_wrapper\"><div class=\"listnews smallbox\"><div class=\"conteudonew postid-163476\">\n\t\t\t\t<a href=\"https:\/\/diariodalagoa.pt\/fr\/os-males-combatidos-na-revolucao-dos-cravos-ainda-estao-presentes-avalia-pedro-sequeira-de-carvalho-jurista-sao-tomense\/\" target=\"_self\"><div class=\"imgnews\" style=\"background-image: url(https:\/\/diariodalagoa.pt\/wp-content\/uploads\/2026\/04\/pedro-sequeira-de-carvalho-1.jpg);\"><\/div><\/a>\n\t\t\t\t<p class=\"tidestaq\"><a href=\"https:\/\/diariodalagoa.pt\/fr\/category\/entrevista\/\" target=\"_self\">Entretien<\/a><a class=\"maisartigos\" href=\"https:\/\/diariodalagoa.pt\/fr\/category\/entrevista\/\" target=\"_self\">+Artigos <i class=\"fas fa-list\"><\/i><\/a><\/p>\n\t\t\t\t<h2 class=\"titlenew\"><a href=\"https:\/\/diariodalagoa.pt\/fr\/os-males-combatidos-na-revolucao-dos-cravos-ainda-estao-presentes-avalia-pedro-sequeira-de-carvalho-jurista-sao-tomense\/\" target=\"_self\">\u201cOs males combatidos na revolu\u00e7\u00e3o dos cravos ainda est\u00e3o presentes\u201d,\u2026<\/a><\/h2>\n\t\t\t\t<p class=\"excerpt\"><a href=\"https:\/\/diariodalagoa.pt\/fr\/os-males-combatidos-na-revolucao-dos-cravos-ainda-estao-presentes-avalia-pedro-sequeira-de-carvalho-jurista-sao-tomense\/\" target=\"_self\">Num tempo em que a mem\u00f3ria hist\u00f3rica cruza-se com os desafios contempor\u00e2neos da lusofonia, a leitura do 25 de Abril de 1974 ganha novas camadas quando observada a partir de S\u00e3o Tom\u00e9 e Pr\u00edncipe.<\/a><\/p>\n\t\t\t\t<div class=\"autor\" style=\"display: flex; flex-direction: column; align-items: start; gap: 0.8rem;\"><div style=\"display: flex;flex-direction: row; gap: 1.1rem;\">\n\t\t\t<span style=\"display: flex; flex-direction: column; align-self: center; margin: 0 auto; text-align: center;\"><img src=\"https:\/\/diariodalagoa.pt\/wp-content\/uploads\/2023\/07\/igor-lopes-retrato-150x150.jpg\" alt=\"avatar-custom\" class=\"avatar avatar-96 photo\" height=\"96\" width=\"96\" loading=\"lazy\" decoding=\"async\" style=\"margin: 0 auto;\" \/><\/span>\n\t\t\t<p class=\"nameautor post-autor-link\" style=\"display: flex; flex-direction: column; justify-content: center;\"><span style=\"display: flex; flex-direction: column; justify-content: center; align-content: center;\"><a href=\"https:\/\/diariodalagoa.pt\/fr\/autor\/igor-lopes\/\" target=\"_self\" class=\"post-autor-link\" style=\"text-decoration: none!important; color: unset!important;\">\u00cdgor Lopes<\/a><\/span><span style=\"text-decoration: none!important; color: unset!important; font-weight: normal!important;\">Jornalista<\/span><\/p>\n\t\t\t<\/div><\/div>\n\t\t\t<\/div><\/div><\/div><\/div><\/div><\/div><div class=\"vc_row wpb_row vc_row-fluid\"><div class=\"wpb_column vc_column_container vc_col-sm-12\"><div class=\"vc_column-inner\"><div class=\"wpb_wrapper\"><section class=\"pubfullwidth\"><div class=\"container\"><div class=\"apub pubslider\"><a href=\"https:\/\/restauranteaasm.com\/\" target=\"_blank\"><img class=\"publicimgbannerpub\" src=\"https:\/\/diariodalagoa.pt\/wp-content\/uploads\/2026\/01\/banner-aasm-site-1299px-x-200px.jpg\" alt=\"pub\" \/><\/a><a href=\"https:\/\/almeriocordeiro.pt\/\" target=\"_blank\"><img class=\"publicimgbannerpub\" src=\"https:\/\/diariodalagoa.pt\/wp-content\/uploads\/2025\/11\/banner-almerio-cordeiro-2025-1299-x-200.png\" alt=\"pub\" \/><\/a><a href=\"https:\/\/www.clinicasmedicasele\" target=\"_blank\"><img class=\"publicimgbannerpub\" src=\"https:\/\/diariodalagoa.pt\/wp-content\/uploads\/2025\/01\/pub-banner-clinica-eleuterio-2025.jpg\" alt=\"pub\" \/><\/a><\/div><\/div><\/section><\/div><\/div><\/div><\/div><div class=\"vc_row wpb_row vc_row-fluid\"><div class=\"wpb_column vc_column_container vc_col-sm-4\"><div class=\"vc_column-inner\"><div class=\"wpb_wrapper\"><div class=\"listnews smallbox\"><div class=\"conteudonew postid-163558\">\n\t\t\t\t<a href=\"https:\/\/diariodalagoa.pt\/fr\/gasoleo-sobe-363-centimos-por-litro-a-partir-de-1-de-maio\/\" target=\"_self\"><div class=\"imgnews\" style=\"background-image: url(https:\/\/diariodalagoa.pt\/wp-content\/uploads\/2026\/04\/combustivel.jpeg);\"><\/div><\/a>\n\t\t\t\t<p class=\"tidestaq\"><a href=\"https:\/\/diariodalagoa.pt\/fr\/category\/atualidade\/\" target=\"_self\">Atualidade<\/a><a class=\"maisartigos\" href=\"https:\/\/diariodalagoa.pt\/fr\/category\/atualidade\/\" target=\"_self\">+Artigos <i class=\"fas fa-list\"><\/i><\/a><\/p>\n\t\t\t\t<h2 class=\"titlenew\"><a href=\"https:\/\/diariodalagoa.pt\/fr\/gasoleo-sobe-363-centimos-por-litro-a-partir-de-1-de-maio\/\" target=\"_self\">Gas\u00f3leo sobe 36,3 c\u00eantimos por litro a partir de 1\u2026<\/a><\/h2>\n\t\t\t\t<p class=\"excerpt\"><a href=\"https:\/\/diariodalagoa.pt\/fr\/gasoleo-sobe-363-centimos-por-litro-a-partir-de-1-de-maio\/\" target=\"_self\">Gasolina tamb\u00e9m regista um aumento hist\u00f3rico de 21,7 e o g\u00e1s quase que toca nos 37 c\u00eantimos por quilo.<\/a><\/p>\n\t\t\t\t<div class=\"autor\" style=\"display: flex; flex-direction: column; align-items: start; gap: 0.8rem;\"><div style=\"display: flex;flex-direction: row; gap: 1.1rem;\">\n\t\t\t<span style=\"display: flex; flex-direction: column; align-self: center; margin: 0 auto; text-align: center;\"><img src=\"https:\/\/diariodalagoa.pt\/wp-content\/uploads\/2023\/07\/foto-de-perfil-e1737826358793-150x150.png\" alt=\"avatar-custom\" class=\"avatar avatar-96 photo\" height=\"96\" width=\"96\" loading=\"lazy\" decoding=\"async\" style=\"margin: 0 auto;\" \/><\/span>\n\t\t\t<p class=\"nameautor post-autor-link\" style=\"display: flex; flex-direction: column; justify-content: center;\"><span style=\"display: flex; flex-direction: column; justify-content: center; align-content: center;\"><a href=\"https:\/\/diariodalagoa.pt\/fr\/autor\/diario-da-lagoa\/\" target=\"_self\" class=\"post-autor-link\" style=\"text-decoration: none!important; color: unset!important;\">Di\u00e1rio da Lagoa<\/a><\/span><span style=\"text-decoration: none!important; color: unset!important; font-weight: normal!important;\"><\/span><\/p>\n\t\t\t<\/div><\/div>\n\t\t\t<\/div><\/div><\/div><\/div><\/div><div class=\"wpb_column vc_column_container vc_col-sm-4\"><div class=\"vc_column-inner\"><div class=\"wpb_wrapper\"><div class=\"listnews smallbox\"><div class=\"conteudonew postid-163554\">\n\t\t\t\t<a href=\"https:\/\/diariodalagoa.pt\/fr\/festa-do-andebol-de-formacao-no-faial\/\" target=\"_self\"><div class=\"imgnews\" style=\"background-image: url(https:\/\/diariodalagoa.pt\/wp-content\/uploads\/2026\/04\/festa-andebol.jpg);\"><\/div><\/a>\n\t\t\t\t<p class=\"tidestaq\"><a href=\"https:\/\/diariodalagoa.pt\/fr\/category\/atualidade\/\" target=\"_self\">Atualidade<\/a><a class=\"maisartigos\" href=\"https:\/\/diariodalagoa.pt\/fr\/category\/atualidade\/\" target=\"_self\">+Artigos <i class=\"fas fa-list\"><\/i><\/a><\/p>\n\t\t\t\t<h2 class=\"titlenew\"><a href=\"https:\/\/diariodalagoa.pt\/fr\/festa-do-andebol-de-formacao-no-faial\/\" target=\"_self\">Festa do andebol de forma\u00e7\u00e3o no Faial<\/a><\/h2>\n\t\t\t\t<p class=\"excerpt\"><a href=\"https:\/\/diariodalagoa.pt\/fr\/festa-do-andebol-de-formacao-no-faial\/\" target=\"_self\">Nove equipas de sete clubes em representa\u00e7\u00e3o de quatro ilhas dos A\u00e7ores v\u00e3o marcar presen\u00e7a no evento que se realiza de 1 a 3 de maio.<\/a><\/p>\n\t\t\t\t<div class=\"autor\" style=\"display: flex; flex-direction: column; align-items: start; gap: 0.8rem;\"><div style=\"display: flex;flex-direction: row; gap: 1.1rem;\">\n\t\t\t<span style=\"display: flex; flex-direction: column; align-self: center; margin: 0 auto; text-align: center;\"><img src=\"https:\/\/diariodalagoa.pt\/wp-content\/uploads\/2023\/07\/foto-de-perfil-e1737826358793-150x150.png\" alt=\"avatar-custom\" class=\"avatar avatar-96 photo\" height=\"96\" width=\"96\" loading=\"lazy\" decoding=\"async\" style=\"margin: 0 auto;\" \/><\/span>\n\t\t\t<p class=\"nameautor post-autor-link\" style=\"display: flex; flex-direction: column; justify-content: center;\"><span style=\"display: flex; flex-direction: column; justify-content: center; align-content: center;\"><a href=\"https:\/\/diariodalagoa.pt\/fr\/autor\/diario-da-lagoa\/\" target=\"_self\" class=\"post-autor-link\" style=\"text-decoration: none!important; color: unset!important;\">Di\u00e1rio da Lagoa<\/a><\/span><span style=\"text-decoration: none!important; color: unset!important; font-weight: normal!important;\"><\/span><\/p>\n\t\t\t<\/div><\/div>\n\t\t\t<\/div><\/div><\/div><\/div><\/div><div class=\"wpb_column vc_column_container vc_col-sm-4\"><div class=\"vc_column-inner\"><div class=\"wpb_wrapper\"><div class=\"listnews smallbox\"><div class=\"conteudonew postid-163550\">\n\t\t\t\t<a href=\"https:\/\/diariodalagoa.pt\/fr\/pedro-camara-jr-motivado-para-o-ii-rali-ponta-delgada\/\" target=\"_self\"><div class=\"imgnews\" style=\"background-image: url(https:\/\/diariodalagoa.pt\/wp-content\/uploads\/2026\/04\/pedro-camara-jr.jpeg);\"><\/div><\/a>\n\t\t\t\t<p class=\"tidestaq\"><a href=\"https:\/\/diariodalagoa.pt\/fr\/category\/atualidade\/\" target=\"_self\">Atualidade<\/a><a class=\"maisartigos\" href=\"https:\/\/diariodalagoa.pt\/fr\/category\/atualidade\/\" target=\"_self\">+Artigos <i class=\"fas fa-list\"><\/i><\/a><\/p>\n\t\t\t\t<h2 class=\"titlenew\"><a href=\"https:\/\/diariodalagoa.pt\/fr\/pedro-camara-jr-motivado-para-o-ii-rali-ponta-delgada\/\" target=\"_self\">Pedro C\u00e2mara Jr. motivado para o II Rali Ponta Delgada<\/a><\/h2>\n\t\t\t\t<p class=\"excerpt\"><a href=\"https:\/\/diariodalagoa.pt\/fr\/pedro-camara-jr-motivado-para-o-ii-rali-ponta-delgada\/\" target=\"_self\">Piloto a\u00e7oriano chega motivado depois do bom desempenho no Rali Terras d\u2019Aboboreira. Objetivo \u00e9 continuar a crescer.<\/a><\/p>\n\t\t\t\t<div class=\"autor\" style=\"display: flex; flex-direction: column; align-items: start; gap: 0.8rem;\"><div style=\"display: flex;flex-direction: row; gap: 1.1rem;\">\n\t\t\t<span style=\"display: flex; flex-direction: column; align-self: center; margin: 0 auto; text-align: center;\"><img src=\"https:\/\/diariodalagoa.pt\/wp-content\/uploads\/2023\/07\/foto-de-perfil-e1737826358793-150x150.png\" alt=\"avatar-custom\" class=\"avatar avatar-96 photo\" height=\"96\" width=\"96\" loading=\"lazy\" decoding=\"async\" style=\"margin: 0 auto;\" \/><\/span>\n\t\t\t<p class=\"nameautor post-autor-link\" style=\"display: flex; flex-direction: column; justify-content: center;\"><span style=\"display: flex; flex-direction: column; justify-content: center; align-content: center;\"><a href=\"https:\/\/diariodalagoa.pt\/fr\/autor\/diario-da-lagoa\/\" target=\"_self\" class=\"post-autor-link\" style=\"text-decoration: none!important; color: unset!important;\">Di\u00e1rio da Lagoa<\/a><\/span><span style=\"text-decoration: none!important; color: unset!important; font-weight: normal!important;\"><\/span><\/p>\n\t\t\t<\/div><\/div>\n\t\t\t<\/div><\/div><\/div><\/div><\/div><\/div><div class=\"vc_row wpb_row vc_row-fluid\"><div class=\"wpb_column vc_column_container vc_col-sm-4\"><div class=\"vc_column-inner\"><div class=\"wpb_wrapper\"><div class=\"listnews smallbox\"><\/div><\/div><\/div><\/div><div class=\"wpb_column vc_column_container vc_col-sm-4\"><div class=\"vc_column-inner\"><div class=\"wpb_wrapper\"><div class=\"listnews smallbox\"><\/div><\/div><\/div><\/div><div class=\"wpb_column vc_column_container vc_col-sm-4\"><div class=\"vc_column-inner\"><div class=\"wpb_wrapper\"><div class=\"listnews smallbox\"><\/div><\/div><\/div><\/div><\/div><div class=\"vc_row wpb_row vc_row-fluid\"><div class=\"wpb_column vc_column_container vc_col-sm-12\"><div class=\"vc_column-inner\"><div class=\"wpb_wrapper\"><div class=\"vc_empty_space\"   style=\"height: 32px\"><span class=\"vc_empty_space_inner\"><\/span><\/div><\/div><\/div><\/div><\/div><div class=\"vc_row wpb_row vc_row-fluid\"><div class=\"wpb_column vc_column_container vc_col-sm-6\"><div class=\"vc_column-inner\"><div class=\"wpb_wrapper\"><div class=\"listnews mediumbox\"><div class=\"conteudonew postid-162805\">\n\t\t\t\t<a href=\"https:\/\/diariodalagoa.pt\/fr\/a-ciencia-nao-tem-de-anular-a-fe-nem-a-fe-tem-de-anular-a-ciencia\/\" target=\"_self\"><div class=\"imgnews\" style=\"background-image: url(https:\/\/diariodalagoa.pt\/wp-content\/uploads\/2026\/04\/helio-ponte-1-acacio-mateus.jpg);\"><\/div><\/a>\n\t\t\t\t<p class=\"tidestaq\"><a href=\"https:\/\/diariodalagoa.pt\/fr\/category\/entrevista\/\" target=\"_self\">Entretien<\/a><a class=\"maisartigos\" href=\"https:\/\/diariodalagoa.pt\/fr\/category\/entrevista\/\" target=\"_self\">+Artigos <i class=\"fas fa-list\"><\/i><\/a><\/p>\n\t\t\t\t<h2 class=\"titlenew\"><a href=\"https:\/\/diariodalagoa.pt\/fr\/a-ciencia-nao-tem-de-anular-a-fe-nem-a-fe-tem-de-anular-a-ciencia\/\" target=\"_self\">\u201cA ci\u00eancia n\u00e3o tem de anular a f\u00e9 nem a\u2026<\/a><\/h2>\n\t\t\t\t<p class=\"excerpt\"><a href=\"https:\/\/diariodalagoa.pt\/fr\/a-ciencia-nao-tem-de-anular-a-fe-nem-a-fe-tem-de-anular-a-ciencia\/\" target=\"_self\">Em entrevista ao Di\u00e1rio da Lagoa, o enfermeiro e romeiro H\u00e9lio Ponte reflete sobre como a espiritualidade e a evid\u00eancia cl\u00ednica se complementam no cuidado ao pr\u00f3ximo.<\/a><\/p>\n\t\t\t\t<div class=\"autor\" style=\"display: flex; flex-direction: column; align-items: start; gap: 0.8rem;\"><div style=\"display: flex;flex-direction: row; gap: 1.1rem;\">\n\t\t\t<span style=\"display: flex; flex-direction: column; align-self: center; margin: 0 auto; text-align: center;\"><img src=\"https:\/\/diariodalagoa.pt\/wp-content\/uploads\/2023\/08\/acacio-mateus-retrato-150x150.jpg\" alt=\"avatar-custom\" class=\"avatar avatar-96 photo\" height=\"96\" width=\"96\" loading=\"lazy\" decoding=\"async\" style=\"margin: 0 auto;\" \/><\/span>\n\t\t\t<p class=\"nameautor post-autor-link\" style=\"display: flex; flex-direction: column; justify-content: center;\"><span style=\"display: flex; flex-direction: column; justify-content: center; align-content: center;\"><a href=\"https:\/\/diariodalagoa.pt\/fr\/autor\/acacio-mateus\/\" target=\"_self\" class=\"post-autor-link\" style=\"text-decoration: none!important; color: unset!important;\">Ac\u00e1cio Mateus<\/a><\/span><span style=\"text-decoration: none!important; color: unset!important; font-weight: normal!important;\"><\/span><\/p>\n\t\t\t<\/div><\/div>\n\t\t\t<\/div><\/div><\/div><\/div><\/div><div class=\"wpb_column vc_column_container vc_col-sm-6\"><div class=\"vc_column-inner\"><div class=\"wpb_wrapper\"><div class=\"apub pubslider\"><a href=\"https:\/\/autocentral.pai.pt\/\" target=\"_blank\"><img class=\"publicimgbannerpub\" src=\"https:\/\/diariodalagoa.pt\/wp-content\/uploads\/2023\/10\/pub-web-autocentral-20231018.jpg\" alt=\"pub\" \/><\/a><a href=\"https:\/\/costapereira.pt\/\" target=\"_blank\"><img class=\"publicimgbannerpub\" src=\"https:\/\/diariodalagoa.pt\/wp-content\/uploads\/2025\/01\/pub-banner-costa-pereira-e-filhos.jpg\" alt=\"pub\" \/><\/a><\/div><\/div><\/div><\/div><\/div><div class=\"vc_row wpb_row vc_row-fluid\"><div class=\"wpb_column vc_column_container vc_col-sm-12\"><div class=\"vc_column-inner\"><div class=\"wpb_wrapper\"><div class=\"vc_empty_space\"   style=\"height: 32px\"><span class=\"vc_empty_space_inner\"><\/span><\/div><\/div><\/div><\/div><\/div><div data-vc-full-width=\"true\" data-vc-full-width-init=\"false\" data-vc-stretch-content=\"true\" class=\"vc_row wpb_row vc_row-fluid vc_custom_1691506233447 vc_row-has-fill vc_row-no-padding\"><div class=\"wpb_column vc_column_container vc_col-sm-12\"><div class=\"vc_column-inner\"><div class=\"wpb_wrapper\"><section class=\"hm-podcast\">\r\n        <div class=\"container\">\r\n            <div class=\"row conteudonew\"><div class=\"col-xl-6 col-lg-6 col-md-6 col-sm-12\">\r\n                        <a href=\"https:\/\/diariodalagoa.pt\/fr\/este-jornal-e-servico-publico-e-como-servico-publico-esta-a-trabalhar-para-o-bem-comum\/\" target=\"_self\"><div class=\"imgnews\" style=\"background-image: url(https:\/\/diariodalagoa.pt\/wp-content\/uploads\/2025\/10\/11o-aniversario-diario-da-lagoa-15.jpg);\"><\/div><\/a>\r\n                        <\/div>\r\n                        <div class=\"col-xl-6 col-lg-6 col-md-6 col-sm-12\">\r\n                        <p class=\"tidestaq\"><a href=\"https:\/\/diariodalagoa.pt\/fr\/category\/podcasts\/\" target=\"_self\">Podcasts<\/a><\/p>\r\n                        <h2 class=\"titlenew\"><a href=\"https:\/\/diariodalagoa.pt\/fr\/este-jornal-e-servico-publico-e-como-servico-publico-esta-a-trabalhar-para-o-bem-comum\/\" target=\"_self\">\u201cEste jornal \u00e9 servi\u00e7o p\u00fablico e como servi\u00e7o p\u00fablico est\u00e1 a trabalhar para o bem comum\u201d<\/a><\/h2>\r\n                        <p class=\"excerpt\"><a href=\"https:\/\/diariodalagoa.pt\/fr\/este-jornal-e-servico-publico-e-como-servico-publico-esta-a-trabalhar-para-o-bem-comum\/\" target=\"_self\">Os problemas e os principais desafios do jornalismo local serviram de pretexto para o encontro comemorativo dos 11 anos da edi\u00e7\u00e3o impressa do Di\u00e1rio da Lagoa. A sess\u00e3o foi registada em \u00e1udio, clique em play para ouvir.<\/a><\/p>\r\n                    <\/div>\r\n            <\/div>\r\n        <\/div>\r\n        <\/section><\/div><\/div><\/div><\/div><div class=\"vc_row-full-width vc_clearfix\"><\/div><div class=\"vc_row wpb_row vc_row-fluid\"><div class=\"wpb_column vc_column_container vc_col-sm-12\"><div class=\"vc_column-inner\"><div class=\"wpb_wrapper\">\n\t<div class=\"wpb_text_column wpb_content_element\" >\n\t\t<div class=\"wpb_wrapper\">\n\t\t\t<section class=\"newsletter text-center\">\n    <h1 class=\"title\">Junte-se a n\u00f3s!<\/h1>\n\t<p class=\"subtitle\">Assine a nossa newsletter<\/p>\n\t<form id=\"new_subscriber\" action=\"https:\/\/diariodalagoa.ipzmarketing.com\/f\/IcSWr--_HDw\" accept-charset=\"UTF-8\" method=\"post\" data-trp-original-action=\"https:\/\/diariodalagoa.ipzmarketing.com\/f\/IcSWr--_HDw\">\n\t\t<div class=\"row\">\n\t\t\t<div class=\"col-xl-6 col-lg-6 col-md-12\">\n\t\t\t\t<input type=\"text\" name=\"subscriber[name]\" id=\"subscriber_name\" placeholder=\"Nome\" required \/>\n\t\t\t<\/div>\n\t\t\t<div class=\"col-xl-6 col-lg-6 col-md-12\">\n\t\t\t\t<input type=\"email\" name=\"subscriber[email]\" id=\"subscriber_email\" placeholder=\"E-mail\" required \/>\n\t\t\t<\/div>\n\t\t\t<div class=\"col-xl-12\">\n\t\t\t\t<button type=\"submit\">Submeter E-mail<\/button>\n\t\t\t<\/div>\n\t\t<\/div>\n\t<input type=\"hidden\" name=\"trp-form-language\" value=\"fr\"\/><\/form>\n<\/section>\n\n\t\t<\/div>\n\t<\/div>\n<\/div><\/div><\/div><\/div><div class=\"vc_row wpb_row vc_row-fluid\"><div class=\"wpb_column vc_column_container vc_col-sm-12\"><div class=\"vc_column-inner\"><div class=\"wpb_wrapper\"><section class=\"pubfullwidth\"><div class=\"container\"><div class=\"apub pubslider\"><a href=\"https:\/\/www.clinicasmedicaseleuterio.pt\/\" target=\"_blank\"><img class=\"publicimgbannerpub\" src=\"https:\/\/diariodalagoa.pt\/wp-content\/uploads\/2025\/01\/pub-banner-clinica-eleuterio-2025.jpg\" alt=\"pub\" \/><\/a><a href=\"https:\/\/almeriocordeiro.pt\/\" target=\"_blank\"><img class=\"publicimgbannerpub\" src=\"https:\/\/diariodalagoa.pt\/wp-content\/uploads\/2025\/11\/banner-almerio-cordeiro-2025-1299-x-200.png\" alt=\"pub\" \/><\/a><a href=\"https:\/\/restauranteaasm.com\/\" target=\"_blank\"><img class=\"publicimgbannerpub\" src=\"https:\/\/diariodalagoa.pt\/wp-content\/uploads\/2026\/01\/banner-aasm-site-1299px-x-200px.jpg\" alt=\"pub\" \/><\/a><\/div><\/div><\/section><div class=\"vc_empty_space\"   style=\"height: 40px\"><span class=\"vc_empty_space_inner\"><\/span><\/div><\/div><\/div><\/div><\/div><div class=\"vc_row wpb_row vc_row-fluid\"><div class=\"wpb_column vc_column_container vc_col-sm-4\"><div class=\"vc_column-inner\"><div class=\"wpb_wrapper\"><div class=\"listnews smallbox\"><div class=\"conteudonew postid-163426\">\n\t\t\t\t<a href=\"https:\/\/diariodalagoa.pt\/fr\/diretor-do-museu-das-flores-destaca-identidade-memoria-historica-e-papel-da-ilha-na-hospitalidade-e-abertura-ao-mundo\/\" target=\"_self\"><div class=\"imgnews\" style=\"background-image: url(https:\/\/diariodalagoa.pt\/wp-content\/uploads\/2026\/04\/luis-filipe-vieira-diretor-do-museu-das-flores-foto-diario-da-lagoa-scaled.jpg);\"><\/div><\/a>\n\t\t\t\t<p class=\"tidestaq\"><a href=\"https:\/\/diariodalagoa.pt\/fr\/category\/reportagem\/\" target=\"_self\">Reportage<\/a><a class=\"maisartigos\" href=\"https:\/\/diariodalagoa.pt\/fr\/category\/reportagem\/\" target=\"_self\">+Artigos <i class=\"fas fa-list\"><\/i><\/a><\/p>\n\t\t\t\t<h2 class=\"titlenew\"><a href=\"https:\/\/diariodalagoa.pt\/fr\/diretor-do-museu-das-flores-destaca-identidade-memoria-historica-e-papel-da-ilha-na-hospitalidade-e-abertura-ao-mundo\/\" target=\"_self\">Diretor do Museu das Flores destaca identidade, mem\u00f3ria hist\u00f3rica e\u2026<\/a><\/h2>\n\t\t\t\t<p class=\"excerpt\"><a href=\"https:\/\/diariodalagoa.pt\/fr\/diretor-do-museu-das-flores-destaca-identidade-memoria-historica-e-papel-da-ilha-na-hospitalidade-e-abertura-ao-mundo\/\" target=\"_self\">Lu\u00eds Filipe Vieira salientou o papel do museu como guardi\u00e3o da mem\u00f3ria coletiva e motor de desenvolvimento local, sublinhando que a ilha das Flores combina seguran\u00e7a, patrim\u00f3nio, natureza e uma tradi\u00e7\u00e3o hist\u00f3rica de acolhimento que continua viva nos dias de\u2026<\/a><\/p>\n\t\t\t\t<div class=\"autor\" style=\"display: flex; flex-direction: column; align-items: start; gap: 0.8rem;\"><div style=\"display: flex;flex-direction: row; gap: 1.1rem;\">\n\t\t\t<span style=\"display: flex; flex-direction: column; align-self: center; margin: 0 auto; text-align: center;\"><img src=\"https:\/\/diariodalagoa.pt\/wp-content\/uploads\/2023\/07\/igor-lopes-retrato-150x150.jpg\" alt=\"avatar-custom\" class=\"avatar avatar-96 photo\" height=\"96\" width=\"96\" loading=\"lazy\" decoding=\"async\" style=\"margin: 0 auto;\" \/><\/span>\n\t\t\t<p class=\"nameautor post-autor-link\" style=\"display: flex; flex-direction: column; justify-content: center;\"><span style=\"display: flex; flex-direction: column; justify-content: center; align-content: center;\"><a href=\"https:\/\/diariodalagoa.pt\/fr\/autor\/igor-lopes\/\" target=\"_self\" class=\"post-autor-link\" style=\"text-decoration: none!important; color: unset!important;\">\u00cdgor Lopes<\/a><\/span><span style=\"text-decoration: none!important; color: unset!important; font-weight: normal!important;\">Jornalista<\/span><\/p>\n\t\t\t<\/div><\/div>\n\t\t\t<\/div><\/div><\/div><\/div><\/div><div class=\"wpb_column vc_column_container vc_col-sm-4\"><div class=\"vc_column-inner\"><div class=\"wpb_wrapper\"><div class=\"listnews smallbox\"><div class=\"conteudonew postid-162351\">\n\t\t\t\t<a href=\"https:\/\/diariodalagoa.pt\/fr\/pinhal-da-paz-reforca-mancha-verde-com-plantacao-de-40-novas-arvores\/\" target=\"_self\"><div class=\"imgnews\" style=\"background-image: url(https:\/\/diariodalagoa.pt\/wp-content\/uploads\/2026\/03\/plantacao-arvores-2026-bensaude.jpg);\"><\/div><\/a>\n\t\t\t\t<p class=\"tidestaq\"><a href=\"https:\/\/diariodalagoa.pt\/fr\/category\/empresas\/\" target=\"_self\">Empresas<\/a><a class=\"maisartigos\" href=\"https:\/\/diariodalagoa.pt\/fr\/category\/empresas\/\" target=\"_self\">+Artigos <i class=\"fas fa-list\"><\/i><\/a><\/p>\n\t\t\t\t<h2 class=\"titlenew\"><a href=\"https:\/\/diariodalagoa.pt\/fr\/pinhal-da-paz-reforca-mancha-verde-com-plantacao-de-40-novas-arvores\/\" target=\"_self\">Pinhal da Paz refor\u00e7a mancha verde com planta\u00e7\u00e3o de 40\u2026<\/a><\/h2>\n\t\t\t\t<p class=\"excerpt\"><a href=\"https:\/\/diariodalagoa.pt\/fr\/pinhal-da-paz-reforca-mancha-verde-com-plantacao-de-40-novas-arvores\/\" target=\"_self\">Colaboradores do Grupo Bensaude plantaram dezenas de criptom\u00e9rias no \u00e2mbito da campanha nacional \"Cadern\u00e3o 2025\", uma iniciativa que permitiu recolher mais de duas toneladas de papel para reciclagem nos A\u00e7ores.<\/a><\/p>\n\t\t\t\t<div class=\"autor\" style=\"display: flex; flex-direction: column; align-items: start; gap: 0.8rem;\"><div style=\"display: flex;flex-direction: row; gap: 1.1rem;\">\n\t\t\t<span style=\"display: flex; flex-direction: column; align-self: center; margin: 0 auto; text-align: center;\"><img src=\"https:\/\/diariodalagoa.pt\/wp-content\/uploads\/2023\/07\/foto-de-perfil-e1737826358793-150x150.png\" alt=\"avatar-custom\" class=\"avatar avatar-96 photo\" height=\"96\" width=\"96\" loading=\"lazy\" decoding=\"async\" style=\"margin: 0 auto;\" \/><\/span>\n\t\t\t<p class=\"nameautor post-autor-link\" style=\"display: flex; flex-direction: column; justify-content: center;\"><span style=\"display: flex; flex-direction: column; justify-content: center; align-content: center;\"><a href=\"https:\/\/diariodalagoa.pt\/fr\/autor\/diario-da-lagoa\/\" target=\"_self\" class=\"post-autor-link\" style=\"text-decoration: none!important; color: unset!important;\">Di\u00e1rio da Lagoa<\/a><\/span><span style=\"text-decoration: none!important; color: unset!important; font-weight: normal!important;\"><\/span><\/p>\n\t\t\t<\/div><\/div>\n\t\t\t<\/div><\/div><\/div><\/div><\/div><div class=\"wpb_column vc_column_container vc_col-sm-4\"><div class=\"vc_column-inner\"><div class=\"wpb_wrapper\"><div class=\"listnews smallbox\"><div class=\"conteudonew postid-161618\">\n\t\t\t\t<a href=\"https:\/\/diariodalagoa.pt\/fr\/lojas-continente-dos-acores-angariam-mais-de-18-mil-euros-para-instituicoes-locais\/\" target=\"_self\"><div class=\"imgnews\" style=\"background-image: url(https:\/\/diariodalagoa.pt\/wp-content\/uploads\/2017\/12\/continente-modelo-capelas-sao-miguel-jornal-diario-da-lagoa.jpg);\"><\/div><\/a>\n\t\t\t\t<p class=\"tidestaq\"><a href=\"https:\/\/diariodalagoa.pt\/fr\/category\/empresas\/\" target=\"_self\">Empresas<\/a><a class=\"maisartigos\" href=\"https:\/\/diariodalagoa.pt\/fr\/category\/empresas\/\" target=\"_self\">+Artigos <i class=\"fas fa-list\"><\/i><\/a><\/p>\n\t\t\t\t<h2 class=\"titlenew\"><a href=\"https:\/\/diariodalagoa.pt\/fr\/lojas-continente-dos-acores-angariam-mais-de-18-mil-euros-para-instituicoes-locais\/\" target=\"_self\">Lojas Continente dos A\u00e7ores angariam mais de 18 mil euros\u2026<\/a><\/h2>\n\t\t\t\t<p class=\"excerpt\"><a href=\"https:\/\/diariodalagoa.pt\/fr\/lojas-continente-dos-acores-angariam-mais-de-18-mil-euros-para-instituicoes-locais\/\" target=\"_self\">Campanha de Natal \"Todos t\u00eam um lugar \u00e0 mesa\" beneficiou 18 entidades em cinco ilhas do arquip\u00e9lago atrav\u00e9s da Miss\u00e3o Continente.<\/a><\/p>\n\t\t\t\t<div class=\"autor\" style=\"display: flex; flex-direction: column; align-items: start; gap: 0.8rem;\"><div style=\"display: flex;flex-direction: row; gap: 1.1rem;\">\n\t\t\t<span style=\"display: flex; flex-direction: column; align-self: center; margin: 0 auto; text-align: center;\"><img src=\"https:\/\/diariodalagoa.pt\/wp-content\/uploads\/2023\/07\/foto-de-perfil-e1737826358793-150x150.png\" alt=\"avatar-custom\" class=\"avatar avatar-96 photo\" height=\"96\" width=\"96\" loading=\"lazy\" decoding=\"async\" style=\"margin: 0 auto;\" \/><\/span>\n\t\t\t<p class=\"nameautor post-autor-link\" style=\"display: flex; flex-direction: column; justify-content: center;\"><span style=\"display: flex; flex-direction: column; justify-content: center; align-content: center;\"><a href=\"https:\/\/diariodalagoa.pt\/fr\/autor\/diario-da-lagoa\/\" target=\"_self\" class=\"post-autor-link\" style=\"text-decoration: none!important; color: unset!important;\">Di\u00e1rio da Lagoa<\/a><\/span><span style=\"text-decoration: none!important; color: unset!important; font-weight: normal!important;\"><\/span><\/p>\n\t\t\t<\/div><\/div>\n\t\t\t<\/div><\/div><\/div><\/div><\/div><\/div><div class=\"vc_row wpb_row vc_row-fluid\"><div class=\"wpb_column vc_column_container vc_col-sm-12\"><div class=\"vc_column-inner\"><div class=\"wpb_wrapper\"><div class=\"vc_empty_space\"   style=\"height: 20px\"><span class=\"vc_empty_space_inner\"><\/span><\/div><\/div><\/div><\/div><\/div><div class=\"vc_row wpb_row vc_row-fluid\"><div class=\"wpb_column vc_column_container vc_col-sm-4\"><div class=\"vc_column-inner\"><div class=\"wpb_wrapper\"><div class=\"listnews smallbox\"><div class=\"conteudonew postid-162651\">\n\t\t\t\t<a href=\"https:\/\/diariodalagoa.pt\/fr\/semana-cultural-da-ebi-de-ponta-garca-une-tradicao-ciencia-e-desporto\/\" target=\"_self\"><div class=\"imgnews\" style=\"background-image: url(https:\/\/diariodalagoa.pt\/wp-content\/uploads\/2026\/03\/semana-cultural-2026-ponta-garca.jpg);\"><\/div><\/a>\n\t\t\t\t<p class=\"tidestaq\"><a href=\"https:\/\/diariodalagoa.pt\/fr\/category\/escolas\/\" target=\"_self\">Escolas<\/a><a class=\"maisartigos\" href=\"https:\/\/diariodalagoa.pt\/fr\/category\/escolas\/\" target=\"_self\">+Artigos <i class=\"fas fa-list\"><\/i><\/a><\/p>\n\t\t\t\t<h2 class=\"titlenew\"><a href=\"https:\/\/diariodalagoa.pt\/fr\/semana-cultural-da-ebi-de-ponta-garca-une-tradicao-ciencia-e-desporto\/\" target=\"_self\">Semana Cultural da EBI de Ponta Gar\u00e7a une tradi\u00e7\u00e3o, ci\u00eancia\u2026<\/a><\/h2>\n\t\t\t\t<p class=\"excerpt\"><a href=\"https:\/\/diariodalagoa.pt\/fr\/semana-cultural-da-ebi-de-ponta-garca-une-tradicao-ciencia-e-desporto\/\" target=\"_self\">Cerca de 200 alunos encerraram as festividades esta sexta-feira com uma romaria escolar at\u00e9 \u00e0 igreja de Nossa Senhora da Piedade, marcando o culminar de um programa diversificado que envolveu toda a comunidade educativa.<\/a><\/p>\n\t\t\t\t<div class=\"autor\" style=\"display: flex; flex-direction: column; align-items: start; gap: 0.8rem;\"><div style=\"display: flex;flex-direction: row; gap: 1.1rem;\">\n\t\t\t<span style=\"display: flex; flex-direction: column; align-self: center; margin: 0 auto; text-align: center;\"><img src=\"https:\/\/diariodalagoa.pt\/wp-content\/uploads\/2023\/07\/foto-de-perfil-e1737826358793-150x150.png\" alt=\"avatar-custom\" class=\"avatar avatar-96 photo\" height=\"96\" width=\"96\" loading=\"lazy\" decoding=\"async\" style=\"margin: 0 auto;\" \/><\/span>\n\t\t\t<p class=\"nameautor post-autor-link\" style=\"display: flex; flex-direction: column; justify-content: center;\"><span style=\"display: flex; flex-direction: column; justify-content: center; align-content: center;\"><a href=\"https:\/\/diariodalagoa.pt\/fr\/autor\/diario-da-lagoa\/\" target=\"_self\" class=\"post-autor-link\" style=\"text-decoration: none!important; color: unset!important;\">Di\u00e1rio da Lagoa<\/a><\/span><span style=\"text-decoration: none!important; color: unset!important; font-weight: normal!important;\"><\/span><\/p>\n\t\t\t<\/div><div style=\"display: flex;flex-direction: row; gap: 1.1rem;\">\n\t\t\t<span style=\"display: flex; flex-direction: column; align-self: center; margin: 0 auto; text-align: center;\"><img src=\"https:\/\/diariodalagoa.pt\/wp-content\/uploads\/2026\/02\/a-crenca-logo-150x150.png\" alt=\"avatar-custom\" class=\"avatar avatar-96 photo\" height=\"96\" width=\"96\" loading=\"lazy\" decoding=\"async\" style=\"margin: 0 auto;\" \/><\/span>\n\t\t\t<p class=\"nameautor post-autor-link\" style=\"display: flex; flex-direction: column; justify-content: center;\"><span style=\"display: flex; flex-direction: column; justify-content: center; align-content: center;\"><a href=\"https:\/\/diariodalagoa.pt\/fr\/autor\/a-crenca\/\" target=\"_self\" class=\"post-autor-link\" style=\"text-decoration: none!important; color: unset!important;\">A Cren\u00e7a<\/a><\/span><span style=\"text-decoration: none!important; color: unset!important; font-weight: normal!important;\"><\/span><\/p>\n\t\t\t<\/div><\/div>\n\t\t\t<\/div><\/div><\/div><\/div><\/div><div class=\"wpb_column vc_column_container vc_col-sm-4\"><div class=\"vc_column-inner\"><div class=\"wpb_wrapper\"><div class=\"listnews smallbox\"><div class=\"conteudonew postid-163179\">\n\t\t\t\t<a href=\"https:\/\/diariodalagoa.pt\/fr\/santa-cruz-das-flores-tem-agora-novo-balcao-da-aima\/\" target=\"_self\"><div class=\"imgnews\" style=\"background-image: url(https:\/\/diariodalagoa.pt\/wp-content\/uploads\/2026\/04\/santa-cruz-das-flores-tem-agora-novo-balcao-da-aima-2026-dl.jpg);\"><\/div><\/a>\n\t\t\t\t<p class=\"tidestaq\"><a href=\"https:\/\/diariodalagoa.pt\/fr\/category\/reportagem\/\" target=\"_self\">Reportage<\/a><a class=\"maisartigos\" href=\"https:\/\/diariodalagoa.pt\/fr\/category\/reportagem\/\" target=\"_self\">+Artigos <i class=\"fas fa-list\"><\/i><\/a><\/p>\n\t\t\t\t<h2 class=\"titlenew\"><a href=\"https:\/\/diariodalagoa.pt\/fr\/santa-cruz-das-flores-tem-agora-novo-balcao-da-aima\/\" target=\"_self\">Santa Cruz das Flores tem agora novo balc\u00e3o da AIMA<\/a><\/h2>\n\t\t\t\t<p class=\"excerpt\"><a href=\"https:\/\/diariodalagoa.pt\/fr\/santa-cruz-das-flores-tem-agora-novo-balcao-da-aima\/\" target=\"_self\">Servi\u00e7o foi inaugurado na ilha das Flores, nas instala\u00e7\u00f5es da RIAC, \u00e0 margem do quarto F\u00f3rum das Migra\u00e7\u00f5es, e visa refor\u00e7ar o apoio aos imigrantes no Grupo Ocidental do arquip\u00e9lago.<\/a><\/p>\n\t\t\t\t<div class=\"autor\" style=\"display: flex; flex-direction: column; align-items: start; gap: 0.8rem;\"><div style=\"display: flex;flex-direction: row; gap: 1.1rem;\">\n\t\t\t<span style=\"display: flex; flex-direction: column; align-self: center; margin: 0 auto; text-align: center;\"><img src=\"https:\/\/diariodalagoa.pt\/wp-content\/uploads\/2023\/07\/igor-lopes-retrato-150x150.jpg\" alt=\"avatar-custom\" class=\"avatar avatar-96 photo\" height=\"96\" width=\"96\" loading=\"lazy\" decoding=\"async\" style=\"margin: 0 auto;\" \/><\/span>\n\t\t\t<p class=\"nameautor post-autor-link\" style=\"display: flex; flex-direction: column; justify-content: center;\"><span style=\"display: flex; flex-direction: column; justify-content: center; align-content: center;\"><a href=\"https:\/\/diariodalagoa.pt\/fr\/autor\/igor-lopes\/\" target=\"_self\" class=\"post-autor-link\" style=\"text-decoration: none!important; color: unset!important;\">\u00cdgor Lopes<\/a><\/span><span style=\"text-decoration: none!important; color: unset!important; font-weight: normal!important;\">Jornalista<\/span><\/p>\n\t\t\t<\/div><\/div>\n\t\t\t<\/div><\/div><\/div><\/div><\/div><div class=\"wpb_column vc_column_container vc_col-sm-4\"><div class=\"vc_column-inner\"><div class=\"wpb_wrapper\"><div class=\"listnews smallbox\"><div class=\"conteudonew postid-162926\">\n\t\t\t\t<a href=\"https:\/\/diariodalagoa.pt\/fr\/a-floresta-que-cura-a-jornada-de-renascimento-de-doentes-belgas-na-natureza-dos-acores\/\" target=\"_self\"><div class=\"imgnews\" style=\"background-image: url(https:\/\/diariodalagoa.pt\/wp-content\/uploads\/2026\/04\/floresta-que-cura-1-clife-botelho.jpg);\"><\/div><\/a>\n\t\t\t\t<p class=\"tidestaq\"><a href=\"https:\/\/diariodalagoa.pt\/fr\/category\/reportagem\/\" target=\"_self\">Reportage<\/a><a class=\"maisartigos\" href=\"https:\/\/diariodalagoa.pt\/fr\/category\/reportagem\/\" target=\"_self\">+Artigos <i class=\"fas fa-list\"><\/i><\/a><\/p>\n\t\t\t\t<h2 class=\"titlenew\"><a href=\"https:\/\/diariodalagoa.pt\/fr\/a-floresta-que-cura-a-jornada-de-renascimento-de-doentes-belgas-na-natureza-dos-acores\/\" target=\"_self\">A Floresta que Cura: a jornada de renascimento de doentes\u2026<\/a><\/h2>\n\t\t\t\t<p class=\"excerpt\"><a href=\"https:\/\/diariodalagoa.pt\/fr\/a-floresta-que-cura-a-jornada-de-renascimento-de-doentes-belgas-na-natureza-dos-acores\/\" target=\"_self\">Cerca de duas dezenas de pacientes de um hospital belga escolheram os A\u00e7ores para um projeto pioneiro que utiliza a natureza para promover a cura.<\/a><\/p>\n\t\t\t\t<div class=\"autor\" style=\"display: flex; flex-direction: column; align-items: start; gap: 0.8rem;\"><div style=\"display: flex;flex-direction: row; gap: 1.1rem;\">\n\t\t\t<span style=\"display: flex; flex-direction: column; align-self: center; margin: 0 auto; text-align: center;\"><img src=\"https:\/\/diariodalagoa.pt\/wp-content\/uploads\/2023\/07\/sara-sousa-oliveira-retrato-150x150.jpg\" alt=\"avatar-custom\" class=\"avatar avatar-96 photo\" height=\"96\" width=\"96\" loading=\"lazy\" decoding=\"async\" style=\"margin: 0 auto;\" \/><\/span>\n\t\t\t<p class=\"nameautor post-autor-link\" style=\"display: flex; flex-direction: column; justify-content: center;\"><span style=\"display: flex; flex-direction: column; justify-content: center; align-content: center;\"><a href=\"https:\/\/diariodalagoa.pt\/fr\/autor\/sara-sousa-oliveira\/\" target=\"_self\" class=\"post-autor-link\" style=\"text-decoration: none!important; color: unset!important;\">Sara Sousa Oliveira<\/a><\/span><span style=\"text-decoration: none!important; color: unset!important; font-weight: normal!important;\">Jornalista<\/span><\/p>\n\t\t\t<\/div><\/div>\n\t\t\t<\/div><\/div><\/div><\/div><\/div><\/div><div class=\"vc_row wpb_row vc_row-fluid\"><div class=\"wpb_column vc_column_container vc_col-sm-12\"><div class=\"vc_column-inner\"><div class=\"wpb_wrapper\"><section class=\"pubfullwidth\"><div class=\"container\"><div class=\"apub pubslider\"><a href=\"https:\/\/almeriocordeiro.pt\/\" target=\"_blank\"><img class=\"publicimgbannerpub\" src=\"https:\/\/diariodalagoa.pt\/wp-content\/uploads\/2025\/11\/banner-almerio-cordeiro-2025-1299-x-200.png\" alt=\"pub\" \/><\/a><a href=\"https:\/\/restauranteaasm.com\/\" target=\"_blank\"><img class=\"publicimgbannerpub\" src=\"https:\/\/diariodalagoa.pt\/wp-content\/uploads\/2026\/01\/banner-aasm-site-1299px-x-200px.jpg\" alt=\"pub\" \/><\/a><a href=\"https:\/\/www.clinicasmedicaseleuterio.pt\/\" target=\"_blank\"><img class=\"publicimgbannerpub\" src=\"https:\/\/diariodalagoa.pt\/wp-content\/uploads\/2025\/01\/pub-banner-clinica-eleuterio-2025.jpg\" alt=\"pub\" \/><\/a><\/div><\/div><\/section><\/div><\/div><\/div><\/div><div class=\"vc_row wpb_row vc_row-fluid\"><div class=\"wpb_column vc_column_container vc_col-sm-12\"><div class=\"vc_column-inner\"><div class=\"wpb_wrapper\"><div class=\"listnews smallbox\"><div class=\"row\"><div class=\"col-xl-4 col-lg-4 col-md-6 col-sm-6 col-12\"><div class=\"conteudonew postid-163483\">\n\t\t\t\t<a href=\"https:\/\/diariodalagoa.pt\/fr\/o-valor-de-quem-nao-se-cala-por-que-precisamos-de-um-jornalismo-local-livre\/\" target=\"_self\"><div class=\"imgnews\" style=\"background-image: url(https:\/\/diariodalagoa.pt\/wp-content\/uploads\/2022\/10\/clife-botelho-foto-20221014.jpg);\"><\/div><\/a>\n\t\t\t\t<p class=\"tidestaq\"><a href=\"https:\/\/diariodalagoa.pt\/fr\/category\/opiniao\/\" target=\"_self\">Avis<\/a><a class=\"maisartigos\" href=\"https:\/\/diariodalagoa.pt\/fr\/category\/opiniao\/\" target=\"_self\">+Artigos <i class=\"fas fa-list\"><\/i><\/a><\/p>\n\t\t\t\t<h2 class=\"titlenew\"><a href=\"https:\/\/diariodalagoa.pt\/fr\/o-valor-de-quem-nao-se-cala-por-que-precisamos-de-um-jornalismo-local-livre\/\" target=\"_self\">O valor de quem n\u00e3o se cala: por que precisamos\u2026<\/a><\/h2>\n\t\t\t\t\n\t\t\t\t<div class=\"autor\" style=\"display: flex; flex-direction: column; align-items: start; gap: 0.8rem;\"><div style=\"display: flex;flex-direction: row; gap: 1.1rem;\">\n\t\t\t<span style=\"display: flex; flex-direction: column; align-self: center; margin: 0 auto; text-align: center;\"><img src=\"https:\/\/diariodalagoa.pt\/wp-content\/uploads\/2023\/09\/clife-botelho-retrato-20221014-150x150.jpg\" alt=\"avatar-custom\" class=\"avatar avatar-96 photo\" height=\"96\" width=\"96\" loading=\"lazy\" decoding=\"async\" style=\"margin: 0 auto;\" \/><\/span>\n\t\t\t<p class=\"nameautor post-autor-link\" style=\"display: flex; flex-direction: column; justify-content: center;\"><span style=\"display: flex; flex-direction: column; justify-content: center; align-content: center;\"><a href=\"https:\/\/diariodalagoa.pt\/fr\/autor\/clife-botelho\/\" target=\"_self\" class=\"post-autor-link\" style=\"text-decoration: none!important; color: unset!important;\">Clife Botelho<\/a><\/span><span style=\"text-decoration: none!important; color: unset!important; font-weight: normal!important;\"><\/span><\/p>\n\t\t\t<\/div><\/div>\n\t\t\t<\/div><\/div><div class=\"col-xl-4 col-lg-4 col-md-6 col-sm-6 col-12\"><div class=\"conteudonew postid-163480\">\n\t\t\t\t<a href=\"https:\/\/diariodalagoa.pt\/fr\/quando-apagar-abril-e-apagar-a-liberdade\/\" target=\"_self\"><div class=\"imgnews\" style=\"background-image: url(https:\/\/diariodalagoa.pt\/wp-content\/uploads\/2025\/08\/marcia-pimentel-2.jpg);\"><\/div><\/a>\n\t\t\t\t<p class=\"tidestaq\"><a href=\"https:\/\/diariodalagoa.pt\/fr\/category\/opiniao\/\" target=\"_self\">Avis<\/a><a class=\"maisartigos\" href=\"https:\/\/diariodalagoa.pt\/fr\/category\/opiniao\/\" target=\"_self\">+Artigos <i class=\"fas fa-list\"><\/i><\/a><\/p>\n\t\t\t\t<h2 class=\"titlenew\"><a href=\"https:\/\/diariodalagoa.pt\/fr\/quando-apagar-abril-e-apagar-a-liberdade\/\" target=\"_self\">Quando Apagar Abril \u00e9 Apagar a Liberdade<\/a><\/h2>\n\t\t\t\t\n\t\t\t\t<div class=\"autor\" style=\"display: flex; flex-direction: column; align-items: start; gap: 0.8rem;\"><div style=\"display: flex;flex-direction: row; gap: 1.1rem;\">\n\t\t\t<span style=\"display: flex; flex-direction: column; align-self: center; margin: 0 auto; text-align: center;\"><img src=\"https:\/\/diariodalagoa.pt\/wp-content\/uploads\/2025\/08\/marcia-pimentel1-150x150.jpg\" alt=\"avatar-custom\" class=\"avatar avatar-96 photo\" height=\"96\" width=\"96\" loading=\"lazy\" decoding=\"async\" style=\"margin: 0 auto;\" \/><\/span>\n\t\t\t<p class=\"nameautor post-autor-link\" style=\"display: flex; flex-direction: column; justify-content: center;\"><span style=\"display: flex; flex-direction: column; justify-content: center; align-content: center;\"><a href=\"https:\/\/diariodalagoa.pt\/fr\/autor\/marcia-pimentel\/\" target=\"_self\" class=\"post-autor-link\" style=\"text-decoration: none!important; color: unset!important;\">M\u00e1rcia Pimentel<\/a><\/span><span style=\"text-decoration: none!important; color: unset!important; font-weight: normal!important;\"><\/span><\/p>\n\t\t\t<\/div><\/div>\n\t\t\t<\/div><\/div><div class=\"col-xl-4 col-lg-4 col-md-6 col-sm-6 col-12\"><div class=\"conteudonew postid-163470\">\n\t\t\t\t<a href=\"https:\/\/diariodalagoa.pt\/fr\/censura\/\" target=\"_self\"><div class=\"imgnews\" style=\"background-image: url(https:\/\/diariodalagoa.pt\/wp-content\/uploads\/2025\/06\/julio-tavares-oliveira-slide.jpg);\"><\/div><\/a>\n\t\t\t\t<p class=\"tidestaq\"><a href=\"https:\/\/diariodalagoa.pt\/fr\/category\/opiniao\/\" target=\"_self\">Avis<\/a><a class=\"maisartigos\" href=\"https:\/\/diariodalagoa.pt\/fr\/category\/opiniao\/\" target=\"_self\">+Artigos <i class=\"fas fa-list\"><\/i><\/a><\/p>\n\t\t\t\t<h2 class=\"titlenew\"><a href=\"https:\/\/diariodalagoa.pt\/fr\/censura\/\" target=\"_self\">Censura<\/a><\/h2>\n\t\t\t\t\n\t\t\t\t<div class=\"autor\" style=\"display: flex; flex-direction: column; align-items: start; gap: 0.8rem;\"><div style=\"display: flex;flex-direction: row; gap: 1.1rem;\">\n\t\t\t<span style=\"display: flex; flex-direction: column; align-self: center; margin: 0 auto; text-align: center;\"><img src=\"https:\/\/diariodalagoa.pt\/wp-content\/uploads\/2025\/06\/julio-tavares-oliveira-retrato-150x150.jpg\" alt=\"avatar-custom\" class=\"avatar avatar-96 photo\" height=\"96\" width=\"96\" loading=\"lazy\" decoding=\"async\" style=\"margin: 0 auto;\" \/><\/span>\n\t\t\t<p class=\"nameautor post-autor-link\" style=\"display: flex; flex-direction: column; justify-content: center;\"><span style=\"display: flex; flex-direction: column; justify-content: center; align-content: center;\"><a href=\"https:\/\/diariodalagoa.pt\/fr\/autor\/julio-tavares-oliveira\/\" target=\"_self\" class=\"post-autor-link\" style=\"text-decoration: none!important; color: unset!important;\">J\u00falio Tavares Oliveira<\/a><\/span><span style=\"text-decoration: none!important; color: unset!important; font-weight: normal!important;\"><\/span><\/p>\n\t\t\t<\/div><\/div>\n\t\t\t<\/div><\/div><\/div><\/div><\/div><\/div><\/div><\/div><div class=\"vc_row wpb_row vc_row-fluid\"><div class=\"wpb_column vc_column_container vc_col-sm-4\"><div class=\"vc_column-inner\"><div class=\"wpb_wrapper\"><div class=\"listnews smallbox\"><div class=\"conteudonew postid-159019\">\n\t\t\t\t<a href=\"https:\/\/diariodalagoa.pt\/fr\/diario-da-lagoa-celebrou-11o-anos-de-edicao-impressa-com-encontro-no-ovga\/\" target=\"_self\"><div class=\"imgnews\" style=\"background-image: url(https:\/\/diariodalagoa.pt\/wp-content\/uploads\/2025\/10\/11o-aniversario-diario-da-lagoa-2.jpg);\"><\/div><\/a>\n\t\t\t\t<p class=\"tidestaq\"><a href=\"https:\/\/diariodalagoa.pt\/fr\/category\/fotogaleria\/\" target=\"_self\">Galerie de photos<\/a><a class=\"maisartigos\" href=\"https:\/\/diariodalagoa.pt\/fr\/category\/fotogaleria\/\" target=\"_self\">+Artigos <i class=\"fas fa-list\"><\/i><\/a><\/p>\n\t\t\t\t<h2 class=\"titlenew\"><a href=\"https:\/\/diariodalagoa.pt\/fr\/diario-da-lagoa-celebrou-11o-anos-de-edicao-impressa-com-encontro-no-ovga\/\" target=\"_self\">Di\u00e1rio da Lagoa celebrou 11 anos de edi\u00e7\u00e3o impressa com\u2026<\/a><\/h2>\n\t\t\t\t<p class=\"excerpt\"><a href=\"https:\/\/diariodalagoa.pt\/fr\/diario-da-lagoa-celebrou-11o-anos-de-edicao-impressa-com-encontro-no-ovga\/\" target=\"_self\">Encontro debateu temas como jornalismo, liberdade de imprensa, sustentabilidade e o papel do jornal local na promo\u00e7\u00e3o da leitura, contando com a presen\u00e7a de especialistas.<\/a><\/p>\n\t\t\t\t<div class=\"autor\" style=\"display: flex; flex-direction: column; align-items: start; gap: 0.8rem;\"><div style=\"display: flex;flex-direction: row; gap: 1.1rem;\">\n\t\t\t<span style=\"display: flex; flex-direction: column; align-self: center; margin: 0 auto; text-align: center;\"><img src=\"https:\/\/diariodalagoa.pt\/wp-content\/uploads\/2023\/08\/acacio-mateus-retrato-150x150.jpg\" alt=\"avatar-custom\" class=\"avatar avatar-96 photo\" height=\"96\" width=\"96\" loading=\"lazy\" decoding=\"async\" style=\"margin: 0 auto;\" \/><\/span>\n\t\t\t<p class=\"nameautor post-autor-link\" style=\"display: flex; flex-direction: column; justify-content: center;\"><span style=\"display: flex; flex-direction: column; justify-content: center; align-content: center;\"><a href=\"https:\/\/diariodalagoa.pt\/fr\/autor\/acacio-mateus\/\" target=\"_self\" class=\"post-autor-link\" style=\"text-decoration: none!important; color: unset!important;\">Ac\u00e1cio Mateus<\/a><\/span><span style=\"text-decoration: none!important; color: unset!important; font-weight: normal!important;\"><\/span><\/p>\n\t\t\t<\/div><\/div>\n\t\t\t<\/div><\/div><\/div><\/div><\/div><div class=\"wpb_column vc_column_container vc_col-sm-4\"><div class=\"vc_column-inner\"><div class=\"wpb_wrapper\"><div class=\"listnews smallbox\"><div class=\"conteudonew postid-134470\">\n\t\t\t\t<a href=\"https:\/\/diariodalagoa.pt\/fr\/sao-miguel-a-vista-praia-e-igreja-de-sao-roque\/\" target=\"_self\"><div class=\"imgnews\" style=\"background-image: url(https:\/\/diariodalagoa.pt\/wp-content\/uploads\/2024\/06\/igreja-de-sao-roque-por-ana-margarida-carvalho.jpg);\"><\/div><\/a>\n\t\t\t\t<p class=\"tidestaq\"><a href=\"https:\/\/diariodalagoa.pt\/fr\/category\/ilustracao\/\" target=\"_self\">Ilustra\u00e7\u00e3o<\/a><a class=\"maisartigos\" href=\"https:\/\/diariodalagoa.pt\/fr\/category\/ilustracao\/\" target=\"_self\">+Artigos <i class=\"fas fa-list\"><\/i><\/a><\/p>\n\t\t\t\t<h2 class=\"titlenew\"><a href=\"https:\/\/diariodalagoa.pt\/fr\/sao-miguel-a-vista-praia-e-igreja-de-sao-roque\/\" target=\"_self\">S\u00e3o Miguel \u00e0 vista. Praia e igreja de S\u00e3o Roque<\/a><\/h2>\n\t\t\t\t<p class=\"excerpt\"><a href=\"https:\/\/diariodalagoa.pt\/fr\/sao-miguel-a-vista-praia-e-igreja-de-sao-roque\/\" target=\"_self\">Aguarela de Ana Margarida Carvalho na rubrica \u201cS\u00e3o Miguel \u00e0 vista\u201d.<\/a><\/p>\n\t\t\t\t<div class=\"autor\" style=\"display: flex; flex-direction: column; align-items: start; gap: 0.8rem;\"><div style=\"display: flex;flex-direction: row; gap: 1.1rem;\">\n\t\t\t<span style=\"display: flex; flex-direction: column; align-self: center; margin: 0 auto; text-align: center;\"><img src=\"https:\/\/diariodalagoa.pt\/wp-content\/uploads\/2024\/04\/ana-margarida-carvalho-150x150.jpg\" alt=\"avatar-custom\" class=\"avatar avatar-96 photo\" height=\"96\" width=\"96\" loading=\"lazy\" decoding=\"async\" style=\"margin: 0 auto;\" \/><\/span>\n\t\t\t<p class=\"nameautor post-autor-link\" style=\"display: flex; flex-direction: column; justify-content: center;\"><span style=\"display: flex; flex-direction: column; justify-content: center; align-content: center;\"><a href=\"https:\/\/diariodalagoa.pt\/fr\/autor\/ana-margarida-carvalho\/\" target=\"_self\" class=\"post-autor-link\" style=\"text-decoration: none!important; color: unset!important;\">Ana Margarida Carvalho<\/a><\/span><span style=\"text-decoration: none!important; color: unset!important; font-weight: normal!important;\"><\/span><\/p>\n\t\t\t<\/div><\/div>\n\t\t\t<\/div><\/div><\/div><\/div><\/div><div class=\"wpb_column vc_column_container vc_col-sm-4\"><div class=\"vc_column-inner\"><div class=\"wpb_wrapper\"><div class=\"listnews smallbox\"><div class=\"conteudonew postid-132641\">\n\t\t\t\t<a href=\"https:\/\/diariodalagoa.pt\/fr\/pessoas-que-nos-contam-com-claudia-ferreira\/\" target=\"_self\"><div class=\"imgnews\" style=\"background-image: url(https:\/\/diariodalagoa.pt\/wp-content\/uploads\/2024\/03\/claudia-ferreira-2.jpg);\"><\/div><\/a>\n\t\t\t\t<p class=\"tidestaq\"><a href=\"https:\/\/diariodalagoa.pt\/fr\/category\/podcasts\/\" target=\"_self\">Podcasts<\/a><a class=\"maisartigos\" href=\"https:\/\/diariodalagoa.pt\/fr\/category\/podcasts\/\" target=\"_self\">+Artigos <i class=\"fas fa-list\"><\/i><\/a><\/p>\n\t\t\t\t<h2 class=\"titlenew\"><a href=\"https:\/\/diariodalagoa.pt\/fr\/pessoas-que-nos-contam-com-claudia-ferreira\/\" target=\"_self\">&#8220;Pessoas que nos contam&#8221; com Cl\u00e1udia Ferreira<\/a><\/h2>\n\t\t\t\t<p class=\"excerpt\"><a href=\"https:\/\/diariodalagoa.pt\/fr\/pessoas-que-nos-contam-com-claudia-ferreira\/\" target=\"_self\">Nasceu em Angra do Hero\u00edsmo, na ilha Terceira, mas vive na cidade da Lagoa. Cl\u00e1udia Ferreira \u00e9 escritora e biblioterapeuta, gosta de ler e escrever porque sempre sentiu &#8220;uma liga\u00e7\u00e3o profunda&#8221; com os livros<\/a><\/p>\n\t\t\t\t<div class=\"autor\" style=\"display: flex; flex-direction: column; align-items: start; gap: 0.8rem;\"><div style=\"display: flex;flex-direction: row; gap: 1.1rem;\">\n\t\t\t<span style=\"display: flex; flex-direction: column; align-self: center; margin: 0 auto; text-align: center;\"><img src=\"https:\/\/diariodalagoa.pt\/wp-content\/uploads\/2023\/09\/clife-botelho-retrato-20221014-150x150.jpg\" alt=\"avatar-custom\" class=\"avatar avatar-96 photo\" height=\"96\" width=\"96\" loading=\"lazy\" decoding=\"async\" style=\"margin: 0 auto;\" \/><\/span>\n\t\t\t<p class=\"nameautor post-autor-link\" style=\"display: flex; flex-direction: column; justify-content: center;\"><span style=\"display: flex; flex-direction: column; justify-content: center; align-content: center;\"><a href=\"https:\/\/diariodalagoa.pt\/fr\/autor\/clife-botelho\/\" target=\"_self\" class=\"post-autor-link\" style=\"text-decoration: none!important; color: unset!important;\">Clife Botelho<\/a><\/span><span style=\"text-decoration: none!important; color: unset!important; font-weight: normal!important;\"><\/span><\/p>\n\t\t\t<\/div><\/div>\n\t\t\t<\/div><\/div><\/div><\/div><\/div><\/div><div class=\"vc_row wpb_row vc_row-fluid\"><div class=\"wpb_column vc_column_container vc_col-sm-12\"><div class=\"vc_column-inner\"><div class=\"wpb_wrapper\"><\/div><\/div><\/div><\/div><div class=\"vc_row wpb_row vc_row-fluid\"><div class=\"wpb_column vc_column_container vc_col-sm-12\"><div class=\"vc_column-inner\"><div class=\"wpb_wrapper\">\n\t<div class=\"wpb_text_column wpb_content_element\" >\n\t\t<div class=\"wpb_wrapper\">\n\t\t\t<section class=\"newsletter text-center\">\n    <h1 class=\"title\">Junte-se a n\u00f3s!<\/h1>\n\t<p class=\"subtitle\">Assine a nossa newsletter<\/p>\n\t<form id=\"new_subscriber\" action=\"https:\/\/diariodalagoa.ipzmarketing.com\/f\/IcSWr--_HDw\" accept-charset=\"UTF-8\" method=\"post\" data-trp-original-action=\"https:\/\/diariodalagoa.ipzmarketing.com\/f\/IcSWr--_HDw\">\n\t\t<div class=\"row\">\n\t\t\t<div class=\"col-xl-6 col-lg-6 col-md-12\">\n\t\t\t\t<input type=\"text\" name=\"subscriber[name]\" id=\"subscriber_name\" placeholder=\"Nome\" required \/>\n\t\t\t<\/div>\n\t\t\t<div class=\"col-xl-6 col-lg-6 col-md-12\">\n\t\t\t\t<input type=\"email\" name=\"subscriber[email]\" id=\"subscriber_email\" placeholder=\"E-mail\" required \/>\n\t\t\t<\/div>\n\t\t\t<div class=\"col-xl-12\">\n\t\t\t\t<button type=\"submit\">Submeter E-mail<\/button>\n\t\t\t<\/div>\n\t\t<\/div>\n\t<input type=\"hidden\" name=\"trp-form-language\" value=\"fr\"\/><\/form>\n<\/section>\n\n\t\t<\/div>\n\t<\/div>\n<\/div><\/div><\/div><\/div>","protected":false},"excerpt":{"rendered":"Nasceu em Angra do Hero\u00edsmo, na ilha Terceira, mas vive na cidade da Lagoa. Cl\u00e1udia Ferreira \u00e9 escritora e biblioterapeuta, gosta de ler e escrever porque sempre sentiu \"uma liga\u00e7\u00e3o profunda\" com os livros Oi\u00e7a aqui a entrevista em que Cl\u00e1udia fala sobre o seu percurso, os livros e a import\u00e2ncia da leitura.","protected":false},"author":1,"featured_media":0,"parent":0,"menu_order":0,"comment_status":"closed","ping_status":"closed","template":"front-page.php","meta":[],"acf":[],"yoast_head":"<!-- This site is optimized with the Yoast SEO plugin v20.10 - https:\/\/yoast.com\/wordpress\/plugins\/seo\/ -->\n<title>Di\u00e1rio da Lagoa \u2013 not\u00edcias que contam<\/title>\n<meta name=\"description\" content=\"As not\u00edcias que contam. A partir da Lagoa, nos A\u00e7ores, para o mundo. Visite e subscreva a nossa edi\u00e7\u00e3o online.\" \/>\n<meta name=\"robots\" content=\"index, follow, max-snippet:-1, max-image-preview:large, max-video-preview:-1\" \/>\n<link rel=\"canonical\" href=\"https:\/\/diariodalagoa.pt\/fr\/\" \/>\n<meta property=\"og:locale\" content=\"fr_FR\" \/>\n<meta property=\"og:type\" content=\"article\" \/>\n<meta property=\"og:title\" content=\"Di\u00e1rio da Lagoa \u2013 not\u00edcias que contam\" \/>\n<meta property=\"og:description\" content=\"As not\u00edcias que contam. A partir da Lagoa, nos A\u00e7ores, para o mundo. Visite e subscreva a nossa edi\u00e7\u00e3o online.\" \/>\n<meta property=\"og:url\" content=\"https:\/\/diariodalagoa.pt\/fr\/\" \/>\n<meta property=\"og:site_name\" content=\"Di\u00e1rio da Lagoa\" \/>\n<meta property=\"article:modified_time\" content=\"2026-03-14T12:01:46+00:00\" \/>\n<meta name=\"twitter:card\" content=\"summary_large_image\" \/>\n<meta name=\"twitter:label1\" content=\"Dur\u00e9e de lecture estim\u00e9e\" \/>\n\t<meta name=\"twitter:data1\" content=\"1 minute\" \/>\n<script type=\"application\/ld+json\" class=\"yoast-schema-graph\">{\"@context\":\"https:\/\/schema.org\",\"@graph\":[{\"@type\":\"WebPage\",\"@id\":\"https:\/\/diariodalagoa.pt\/\",\"url\":\"https:\/\/diariodalagoa.pt\/\",\"name\":\"Di\u00e1rio da Lagoa \u2013 not\u00edcias que contam\",\"isPartOf\":{\"@id\":\"https:\/\/diariodalagoa.pt\/#website\"},\"datePublished\":\"2023-06-21T14:36:21+00:00\",\"dateModified\":\"2026-03-14T12:01:46+00:00\",\"description\":\"As not\u00edcias que contam. A partir da Lagoa, nos A\u00e7ores, para o mundo. Visite e subscreva a nossa edi\u00e7\u00e3o online.\",\"breadcrumb\":{\"@id\":\"https:\/\/diariodalagoa.pt\/#breadcrumb\"},\"inLanguage\":\"fr-FR\",\"potentialAction\":[{\"@type\":\"ReadAction\",\"target\":[\"https:\/\/diariodalagoa.pt\/\"]}]},{\"@type\":\"BreadcrumbList\",\"@id\":\"https:\/\/diariodalagoa.pt\/#breadcrumb\",\"itemListElement\":[{\"@type\":\"ListItem\",\"position\":1,\"name\":\"In\u00edcio\",\"item\":\"https:\/\/diariodalagoa.pt\/\"},{\"@type\":\"ListItem\",\"position\":2,\"name\":\"Home\"}]},{\"@type\":\"WebSite\",\"@id\":\"https:\/\/diariodalagoa.pt\/#website\",\"url\":\"https:\/\/diariodalagoa.pt\/\",\"name\":\"Di\u00e1rio da Lagoa\",\"description\":\"Di\u00e1rio da Lagoa. As not\u00edcias que contam. A partir da Lagoa, nos A\u00e7ores, para o mundo.\",\"potentialAction\":[{\"@type\":\"SearchAction\",\"target\":{\"@type\":\"EntryPoint\",\"urlTemplate\":\"https:\/\/diariodalagoa.pt\/?s={search_term_string}\"},\"query-input\":\"required name=search_term_string\"}],\"inLanguage\":\"fr-FR\"}]}<\/script>\n<!-- \/ Yoast SEO plugin. -->","yoast_head_json":{"title":"Di\u00e1rio da Lagoa \u2013 not\u00edcias que contam","description":"As not\u00edcias que contam. A partir da Lagoa, nos A\u00e7ores, para o mundo. Visite e subscreva a nossa edi\u00e7\u00e3o online.","robots":{"index":"index","follow":"follow","max-snippet":"max-snippet:-1","max-image-preview":"max-image-preview:large","max-video-preview":"max-video-preview:-1"},"canonical":"https:\/\/diariodalagoa.pt\/fr\/","og_locale":"fr_FR","og_type":"article","og_title":"Di\u00e1rio da Lagoa \u2013 not\u00edcias que contam","og_description":"As not\u00edcias que contam. A partir da Lagoa, nos A\u00e7ores, para o mundo. Visite e subscreva a nossa edi\u00e7\u00e3o online.","og_url":"https:\/\/diariodalagoa.pt\/fr\/","og_site_name":"Di\u00e1rio da Lagoa","article_modified_time":"2026-03-14T12:01:46+00:00","twitter_card":"summary_large_image","twitter_misc":{"Dur\u00e9e de lecture estim\u00e9e":"1 minute"},"schema":{"@context":"https:\/\/schema.org","@graph":[{"@type":"WebPage","@id":"https:\/\/diariodalagoa.pt\/","url":"https:\/\/diariodalagoa.pt\/","name":"Di\u00e1rio da Lagoa \u2013 not\u00edcias que contam","isPartOf":{"@id":"https:\/\/diariodalagoa.pt\/#website"},"datePublished":"2023-06-21T14:36:21+00:00","dateModified":"2026-03-14T12:01:46+00:00","description":"As not\u00edcias que contam. A partir da Lagoa, nos A\u00e7ores, para o mundo. Visite e subscreva a nossa edi\u00e7\u00e3o online.","breadcrumb":{"@id":"https:\/\/diariodalagoa.pt\/#breadcrumb"},"inLanguage":"fr-FR","potentialAction":[{"@type":"ReadAction","target":["https:\/\/diariodalagoa.pt\/"]}]},{"@type":"BreadcrumbList","@id":"https:\/\/diariodalagoa.pt\/#breadcrumb","itemListElement":[{"@type":"ListItem","position":1,"name":"In\u00edcio","item":"https:\/\/diariodalagoa.pt\/"},{"@type":"ListItem","position":2,"name":"Home"}]},{"@type":"WebSite","@id":"https:\/\/diariodalagoa.pt\/#website","url":"https:\/\/diariodalagoa.pt\/","name":"Di\u00e1rio da Lagoa","description":"Di\u00e1rio da Lagoa. As not\u00edcias que contam. A partir da Lagoa, nos A\u00e7ores, para o mundo.","potentialAction":[{"@type":"SearchAction","target":{"@type":"EntryPoint","urlTemplate":"https:\/\/diariodalagoa.pt\/?s={search_term_string}"},"query-input":"required name=search_term_string"}],"inLanguage":"fr-FR"}]}},"_links":{"self":[{"href":"https:\/\/diariodalagoa.pt\/fr\/wp-json\/wp\/v2\/pages\/6"}],"collection":[{"href":"https:\/\/diariodalagoa.pt\/fr\/wp-json\/wp\/v2\/pages"}],"about":[{"href":"https:\/\/diariodalagoa.pt\/fr\/wp-json\/wp\/v2\/types\/page"}],"author":[{"embeddable":true,"href":"https:\/\/diariodalagoa.pt\/fr\/wp-json\/wp\/v2\/users\/1"}],"replies":[{"embeddable":true,"href":"https:\/\/diariodalagoa.pt\/fr\/wp-json\/wp\/v2\/comments?post=6"}],"version-history":[{"count":83,"href":"https:\/\/diariodalagoa.pt\/fr\/wp-json\/wp\/v2\/pages\/6\/revisions"}],"predecessor-version":[{"id":162244,"href":"https:\/\/diariodalagoa.pt\/fr\/wp-json\/wp\/v2\/pages\/6\/revisions\/162244"}],"wp:attachment":[{"href":"https:\/\/diariodalagoa.pt\/fr\/wp-json\/wp\/v2\/media?parent=6"}],"curies":[{"name":"wp","href":"https:\/\/api.w.org\/{rel}","templated":true}]}}